{"id":1150,"date":"2019-05-21T18:59:12","date_gmt":"2019-05-21T16:59:12","guid":{"rendered":"http:\/\/thibault-svt.fr\/?page_id=1150"},"modified":"2023-09-22T18:05:35","modified_gmt":"2023-09-22T16:05:35","slug":"chapitre-2-controle-cerebral-du-mouvement-volontaire","status":"publish","type":"page","link":"http:\/\/thibault-svt.fr\/index.php\/terminales\/specialite-2\/chapitre-2-controle-cerebral-du-mouvement-volontaire\/","title":{"rendered":"CHAPITRE 2 &#8211; Contr\u00f4le c\u00e9r\u00e9bral du mouvement volontaire"},"content":{"rendered":"<p>Le cerveau est un organe du syst\u00e8me nerveux central contenu dans la bo\u00eete cr\u00e2nienne.<br \/>\nIl est compos\u00e9 de diff\u00e9rents types cellulaires : <strong>les neurones<\/strong> et de <strong>cellules gliales.<\/strong><br \/>\nIl assure diff\u00e9rentes fonctions telles que le traitement de message nerveux provenant des organes des sens ou la gestion de la motricit\u00e9 volontaire.<br \/>\nEn effet, contrairement aux mouvements r\u00e9flexes, les mouvements volontaires sont contr\u00f4l\u00e9s par le cerveau.<\/p>\n<p style=\"text-align: center;\"><span style=\"color: #bf1177;\"><strong><u>I- Les mouvements volontaires<\/u><\/strong><\/span><\/p>\n<p class=\"titre-TP\"><span style=\"color: #000000;\"><a style=\"color: #000000;\" href=\"http:\/\/thibault-svt.fr\/wp-content\/uploads\/2023\/08\/TP3-la-commande-du-mouvement-ELEVE.pdf\" target=\"_blank\" rel=\"noopener\">TP3 +\u00a0<\/a><a style=\"color: #000000;\" href=\"http:\/\/thibault-svt.fr\/index.php\/terminales\/specialite-2\/chapitre-2-controle-cerebral-du-mouvement-volontaire\/tp-theme-1-ch-2-controle-cerebral-du-mouvement-volontaire\/correction-ts-th1ch2-tp3\/\" target=\"_blank\" rel=\"noopener\">Correction<\/a><\/span><\/p>\n<p><span style=\"text-decoration: underline; color: #3366ff;\"><strong>A-\u00a0\u00a0\u00a0\u00a0 Contr\u00f4le c\u00e9r\u00e9bral du mouvement volontaire<\/strong><\/span><\/p>\n<p><span style=\"color: #333399;\"><a style=\"color: #333399;\" href=\"http:\/\/thibault-svt.fr\/wp-content\/uploads\/2023\/08\/Doc-fonctionnement-IRM.jpg\" target=\"_blank\" rel=\"noopener\">L\u2019IRMf (Imagerie par R\u00e9sonnance Magn\u00e9tique Fonctionnelle) <\/a><\/span>est une technique permettant de visualiser les zones actives du cerveau.<br \/>\nPar IRMf, on observe que <strong>les mouvements volontaires sont contr\u00f4l\u00e9s par une r\u00e9gion du cortex c\u00e9r\u00e9bral\u00a0: les aires motrices<\/strong> <strong>primaires <\/strong>ou aire M1<\/p>\n<p>Elle est pr\u00e9sente sym\u00e9triquement dans les deux h\u00e9misph\u00e8res c\u00e9r\u00e9braux, et <strong>chaque partie du corps humain est contr\u00f4l\u00e9e par un territoire bien pr\u00e9cis de l\u2019aire motrice primaire<\/strong>.<\/p>\n<p><img loading=\"lazy\" decoding=\"async\" class=\"wp-image-2625 alignright\" src=\"http:\/\/thibault-svt.fr\/wp-content\/uploads\/2023\/08\/aires-motrices.png\" alt=\"\" width=\"556\" height=\"276\" srcset=\"http:\/\/thibault-svt.fr\/wp-content\/uploads\/2023\/08\/aires-motrices.png 1137w, http:\/\/thibault-svt.fr\/wp-content\/uploads\/2023\/08\/aires-motrices-300x149.png 300w, http:\/\/thibault-svt.fr\/wp-content\/uploads\/2023\/08\/aires-motrices-1024x509.png 1024w, http:\/\/thibault-svt.fr\/wp-content\/uploads\/2023\/08\/aires-motrices-768x382.png 768w, http:\/\/thibault-svt.fr\/wp-content\/uploads\/2023\/08\/aires-motrices-900x447.png 900w\" sizes=\"auto, (max-width: 556px) 100vw, 556px\" \/><\/p>\n<p>Cela permet de construire une \u00ab\u00a0carte\u00a0\u00bb de cette aire motrice<\/p>\n<p>&nbsp;<\/p>\n<p>&nbsp;<\/p>\n<p>&nbsp;<\/p>\n<p>&nbsp;<\/p>\n<p><strong>D\u2019autres aires corticales collaborent avec l\u2019aire motrice primaire<\/strong> dans la commande du mouvement volontaire et forment avec elle le cortex moteur. De mani\u00e8re simplifi\u00e9e :<\/p>\n<p><img loading=\"lazy\" decoding=\"async\" class=\"wp-image-2628 alignleft\" src=\"http:\/\/thibault-svt.fr\/wp-content\/uploads\/2023\/08\/zones-collaborant-avec-AM.jpg\" alt=\"\" width=\"311\" height=\"316\" srcset=\"http:\/\/thibault-svt.fr\/wp-content\/uploads\/2023\/08\/zones-collaborant-avec-AM.jpg 723w, http:\/\/thibault-svt.fr\/wp-content\/uploads\/2023\/08\/zones-collaborant-avec-AM-295x300.jpg 295w, http:\/\/thibault-svt.fr\/wp-content\/uploads\/2023\/08\/zones-collaborant-avec-AM-88x88.jpg 88w\" sizes=\"auto, (max-width: 311px) 100vw, 311px\" \/><\/p>\n<ul>\n<li>Le cortex pari\u00e9tal \u00e9labore les intentions de mouvement en lien avec les informations sensorielles re\u00e7ues.<\/li>\n<li>L\u2019aire pr\u00e9motrice permet la pr\u00e9paration du mouvement<\/li>\n<li>L\u2019aire motrice primaire commande la r\u00e9alisation du mouvement.<\/li>\n<\/ul>\n<p>&nbsp;<\/p>\n<p>&nbsp;<\/p>\n<p>&nbsp;<\/p>\n<p>&nbsp;<\/p>\n<p><span style=\"text-decoration: underline; color: #3366ff;\"><strong>B-\u00a0\u00a0\u00a0\u00a0 Les voies motrices\u00a0: circuit neuronal du cortex aux muscles.<\/strong><\/span><\/p>\n<p>Les messages nerveux permettant les mouvements de la partie gauche du corps prennent naissance dans les aires motrices de l\u2019h\u00e9misph\u00e8re droit et inversement, ce qui implique un <strong>croisement des voies nerveuses motrices volontaires<\/strong>. Ce croisement a lieu dans le bulbe rachidien.<\/p>\n<p>Les neurones des aires motrices \u00e9laborent un message nerveux moteur qui est transport\u00e9 par leurs axones se croisent au niveau du bulbe rachidien puis sont situ\u00e9s dans la moelle \u00e9pini\u00e8re. C\u2019est ce qui explique que des l\u00e9sions de la moelle \u00e9pini\u00e8res puissent aussi entra\u00eener des paralysies (affectant les membres sup\u00e9rieurs ou inf\u00e9rieurs selon la hauteur de la section m\u00e9dullaire).<br \/>\nDans la substance grise de la moelle \u00e9pini\u00e8re, les neurones descendants forment une synapse avec des motoneurones.<br \/>\nLes motoneurones transportent ensuite le message nerveux jusqu\u2019aux cellules musculaires, avec lesquelles ils font une synapse, provoquant leur contraction.<\/p>\n<p><span style=\"color: #ff00ff;\"><strong><u>Sch\u00e9ma des voies nerveuses motrices impliqu\u00e9es dans le mouvement volontaire.<\/u><\/strong><\/span><\/p>\n<p><strong style=\"color: #800080; text-align: center;\"><u><img loading=\"lazy\" decoding=\"async\" class=\"aligncenter size-full wp-image-2746\" src=\"http:\/\/thibault-svt.fr\/wp-content\/uploads\/2023\/09\/schema-mouvement-volontaire-2.jpg\" alt=\"\" width=\"1654\" height=\"2337\" srcset=\"http:\/\/thibault-svt.fr\/wp-content\/uploads\/2023\/09\/schema-mouvement-volontaire-2.jpg 1654w, http:\/\/thibault-svt.fr\/wp-content\/uploads\/2023\/09\/schema-mouvement-volontaire-2-212x300.jpg 212w, http:\/\/thibault-svt.fr\/wp-content\/uploads\/2023\/09\/schema-mouvement-volontaire-2-725x1024.jpg 725w, http:\/\/thibault-svt.fr\/wp-content\/uploads\/2023\/09\/schema-mouvement-volontaire-2-768x1085.jpg 768w, http:\/\/thibault-svt.fr\/wp-content\/uploads\/2023\/09\/schema-mouvement-volontaire-2-1087x1536.jpg 1087w, http:\/\/thibault-svt.fr\/wp-content\/uploads\/2023\/09\/schema-mouvement-volontaire-2-1449x2048.jpg 1449w, http:\/\/thibault-svt.fr\/wp-content\/uploads\/2023\/09\/schema-mouvement-volontaire-2-900x1272.jpg 900w, http:\/\/thibault-svt.fr\/wp-content\/uploads\/2023\/09\/schema-mouvement-volontaire-2-1280x1809.jpg 1280w\" sizes=\"auto, (max-width: 1654px) 100vw, 1654px\" \/><\/u><\/strong><\/p>\n<p><span style=\"text-decoration: underline; color: #3366ff;\"><strong>C-\u00a0\u00a0\u00a0\u00a0 Les motoneurones re\u00e7oivent de nombreux messages et en font la somme\u00a0: l\u2019int\u00e9gration.<\/strong><\/span><\/p>\n<p class=\"titre-TP\"><span style=\"color: #333333;\"><a style=\"color: #333333;\" href=\"http:\/\/thibault-svt.fr\/wp-content\/uploads\/2023\/08\/TP4-Integration-motoneurones-ELEVE.pdf\" target=\"_blank\" rel=\"noopener\">TP4<\/a> +<a style=\"color: #333333;\" href=\"http:\/\/thibault-svt.fr\/index.php\/terminales\/specialite-2\/chapitre-2-controle-cerebral-du-mouvement-volontaire\/tp-theme-1-ch-2-controle-cerebral-du-mouvement-volontaire\/correction-ts-th1ch2-tp4\/\" target=\"_blank\" rel=\"noopener\"> Correction<\/a><\/span><\/p>\n<p>\u00a0\u00a0 Le corps cellulaire d\u2019un motoneurone re\u00e7oit des contacts synaptiques de diff\u00e9rents neurones\u00a0(neurones sensitif issu du fuseau neuromusculaire, neurones descendants, interneurone connect\u00e9 au neurone sensitif du muscle antagoniste).<\/p>\n<p>Chacune de ces synapses peut \u00eatre\u00a0:<\/p>\n<p><strong style=\"color: #800080; text-align: center;\"><u><img loading=\"lazy\" decoding=\"async\" class=\"wp-image-2636 alignright\" src=\"http:\/\/thibault-svt.fr\/wp-content\/uploads\/2023\/08\/integration-mn.jpg\" alt=\"\" width=\"367\" height=\"384\" srcset=\"http:\/\/thibault-svt.fr\/wp-content\/uploads\/2023\/08\/integration-mn.jpg 683w, http:\/\/thibault-svt.fr\/wp-content\/uploads\/2023\/08\/integration-mn-287x300.jpg 287w\" sizes=\"auto, (max-width: 367px) 100vw, 367px\" \/><\/u><\/strong><\/p>\n<ul>\n<li><strong>Excitatrice<\/strong>: le neurotransmetteur active la formation d\u2019un message nerveux dans le neurone postsynaptique. Par exemple\u00a0: synapses \u00e0 ac\u00e9tylcholine<\/li>\n<li><strong>Inhibitrice<\/strong>: le neurotransmetteur emp\u00eache la formation d\u2019un message nerveux dans le neurone postsynaptique. Par exemple\u00a0: synapses \u00e0 GABA<\/li>\n<\/ul>\n<p>&nbsp;<\/p>\n<p>Le motoneurone va alors additionner ces diff\u00e9rents messages nerveux excitateurs ou inhibiteurs\u00a0: on parle de <strong>sommation des messages nerveux<\/strong>.<\/p>\n<p>On distingue deux types de sommation\u00a0:<\/p>\n<ul>\n<li><strong>La sommation spatiale<\/strong> (int\u00e9gration de MN provenant de diff\u00e9rents neurones \u00e0 la fois)<\/li>\n<li><strong>La sommation temporelle <\/strong>(int\u00e9gration de MN nerveux provenant successivement d\u2019un m\u00eame neurone).<\/li>\n<\/ul>\n<p>A l\u2019issue de cette sommation, le motoneurone <strong>g\u00e9n\u00e8re un message nerveux moteur unique <\/strong>qui est transmis aux cellules musculaires\u00a0: On parle <strong>d\u2019int\u00e9gration des messages nerveux. <\/strong><\/p>\n<p>L\u2019intensit\u00e9 de la contraction musculaire d\u00e9pends de la sommation des messages nerveux re\u00e7us par le motoneurone<\/p>\n<p style=\"text-align: center;\"><span style=\"color: #ff00ff;\"><strong><u>Sch\u00e9ma du principe de l\u2019int\u00e9gration des messages nerveux par un motoneurone<\/u><\/strong><\/span><\/p>\n<p><img loading=\"lazy\" decoding=\"async\" class=\"aligncenter size-full wp-image-2646\" src=\"http:\/\/thibault-svt.fr\/wp-content\/uploads\/2023\/08\/sommation.jpg\" alt=\"\" width=\"915\" height=\"648\" srcset=\"http:\/\/thibault-svt.fr\/wp-content\/uploads\/2023\/08\/sommation.jpg 915w, http:\/\/thibault-svt.fr\/wp-content\/uploads\/2023\/08\/sommation-300x212.jpg 300w, http:\/\/thibault-svt.fr\/wp-content\/uploads\/2023\/08\/sommation-768x544.jpg 768w, http:\/\/thibault-svt.fr\/wp-content\/uploads\/2023\/08\/sommation-900x637.jpg 900w\" sizes=\"auto, (max-width: 915px) 100vw, 915px\" \/><\/p>\n<p style=\"text-align: center;\"><span style=\"color: #bf1177;\"><strong><u>II-\u00a0 Les capacit\u00e9s de remaniement neuronal : la plasticit\u00e9 c\u00e9r\u00e9brale.<\/u><\/strong><\/span><\/p>\n<p class=\"titre-TP\"><span style=\"color: #333333;\"><a style=\"color: #333333;\" href=\"http:\/\/thibault-svt.fr\/wp-content\/uploads\/2023\/08\/TP5-la-plasticite-cerebrale-ELEVE.pdf\" target=\"_blank\" rel=\"noopener\">TP5<\/a> + <a style=\"color: #333333;\" href=\"http:\/\/thibault-svt.fr\/index.php\/terminales\/specialite-2\/chapitre-2-controle-cerebral-du-mouvement-volontaire\/tp-theme-1-ch-2-controle-cerebral-du-mouvement-volontaire\/correction-ts-th1ch2-tp5\/\" target=\"_blank\" rel=\"noopener\">Correction<\/a><\/span><\/p>\n<p><span style=\"text-decoration: underline; color: #3366ff;\"><strong>A-\u00a0\u00a0\u00a0\u00a0 Des variations d\u2019organisation en relation avec le mode de vie.<\/strong><\/span><\/p>\n<p>Lorsque l\u2019on compare les cartes motrices de diff\u00e9rents individus, on constate que l\u2019on retrouve la m\u00eame disposition globale mais que, dans le d\u00e9tail, les diff\u00e9rences sont importantes\u00a0: les zones de contr\u00f4le des diff\u00e9rentes parties du corps sont plus ou moins \u00e9tendues dans le cortex.<\/p>\n<p>Ces diff\u00e9rences ne sont pas inn\u00e9es mais acquises lors du d\u00e9veloppement de l\u2019individu en relation avec son mode de vie. <img loading=\"lazy\" decoding=\"async\" class=\"aligncenter wp-image-2638\" src=\"http:\/\/thibault-svt.fr\/wp-content\/uploads\/2023\/08\/IRMf-apprentissage.jpg\" alt=\"\" width=\"732\" height=\"505\" srcset=\"http:\/\/thibault-svt.fr\/wp-content\/uploads\/2023\/08\/IRMf-apprentissage.jpg 1062w, http:\/\/thibault-svt.fr\/wp-content\/uploads\/2023\/08\/IRMf-apprentissage-300x207.jpg 300w, http:\/\/thibault-svt.fr\/wp-content\/uploads\/2023\/08\/IRMf-apprentissage-1024x707.jpg 1024w, http:\/\/thibault-svt.fr\/wp-content\/uploads\/2023\/08\/IRMf-apprentissage-768x530.jpg 768w, http:\/\/thibault-svt.fr\/wp-content\/uploads\/2023\/08\/IRMf-apprentissage-900x621.jpg 900w\" sizes=\"auto, (max-width: 732px) 100vw, 732px\" \/><\/p>\n<p><img loading=\"lazy\" decoding=\"async\" class=\"wp-image-2639 alignright\" src=\"http:\/\/thibault-svt.fr\/wp-content\/uploads\/2023\/08\/plasticite-neurone.jpg\" alt=\"\" width=\"339\" height=\"401\" srcset=\"http:\/\/thibault-svt.fr\/wp-content\/uploads\/2023\/08\/plasticite-neurone.jpg 586w, http:\/\/thibault-svt.fr\/wp-content\/uploads\/2023\/08\/plasticite-neurone-254x300.jpg 254w\" sizes=\"auto, (max-width: 339px) 100vw, 339px\" \/><\/p>\n<p><strong>L\u2019apprentissage moteur et l\u2019entra\u00eenement provoquent des remaniements du cortex moteur\u00a0:<\/strong> des connections nerveuses (=synapses) nouvelles peuvent s\u2019\u00e9tablir entre des neurones de zones diff\u00e9rentes.<\/p>\n<p>Cela t\u00e9moigne d\u2019une <strong>plasticit\u00e9 du cortex<\/strong> (= capacit\u00e9 \u00e0 se r\u00e9organiser en r\u00e9ponse \u00e0 une stimulation environnementale).<br \/>\nAinsi s\u2019\u00e9labore au cours du temps un ph\u00e9notype sp\u00e9cifique du cortex moteur propre \u00e0 chaque individu.<\/p>\n<p>&nbsp;<\/p>\n<p>&nbsp;<\/p>\n<p>&nbsp;<\/p>\n<p><span style=\"text-decoration: underline; color: #3366ff;\"><strong>B-\u00a0\u00a0\u00a0\u00a0 La plasticit\u00e9 c\u00e9r\u00e9brale permet la facult\u00e9 de r\u00e9cup\u00e9ration motrice.<\/strong><\/span><\/p>\n<p>La plasticit\u00e9 est une capacit\u00e9 qui se maintient m\u00eame \u00e0 l\u2019\u00e2ge adulte.<br \/>\n<strong>Elle permet notamment la r\u00e9cup\u00e9ration de fonctions endommag\u00e9es en cas de l\u00e9sions<\/strong> du cortex moteur en cr\u00e9ant de nouvelles synapses avec d\u2019autres zones du cortex, modifiant ainsi la carte motrice, ce qui permet de suppl\u00e9er au territoire d\u00e9ficient<\/p>\n<p>Par exemple, lors d\u2019un AVC, si les neurones d\u00e9truits par le manque d\u2019oxyg\u00e9nation se situent dans l\u2019aire motrice de l\u2019h\u00e9misph\u00e8re gauche contr\u00f4lant le bras, la personne sera paralys\u00e9e du bras droit.<br \/>\nMais la plasticit\u00e9 c\u00e9r\u00e9brale peut permettre, avec de la r\u00e9\u00e9ducation, de cr\u00e9er de nouvelles synapses avec des neurones issus du cortex moteur de l\u2019h\u00e9misph\u00e8re droit. Le mouvement du bras droit sera donc de nouveau possible, mais il sera contr\u00f4l\u00e9 par l\u2019h\u00e9misph\u00e8re droit.<\/p>\n<p>L\u2019organisation du cortex n\u2019est donc pas fig\u00e9e\u00a0: elle est en remaniement permanent m\u00eame \u00e0 l\u2019\u00e2ge adulte.<\/p>\n<p style=\"text-align: center;\"><span style=\"color: #bf1177;\"><strong><u>III-\u00a0\u00a0 \u00a0\u00a0\u00a0Le cerveau est un organe fragile \u00e0 pr\u00e9server en l\u2019entretenant.<\/u><\/strong><\/span><\/p>\n<p>Malgr\u00e9 la pr\u00e9sence des cellules gliales qui assurent un r\u00f4le de nutrition d\u2019entretien et de protection des neurones, le nombre de cellules nerveuses diminue d\u2019environ 10% au cours de la vie. Par ailleurs, la plasticit\u00e9 du cortex existe tout au long de la vie mais les capacit\u00e9s de remaniement se r\u00e9duisent avec l\u2019\u00e2ge. Il est donc fondamental de pr\u00e9server le cerveau en adoptant un comportement responsable en mati\u00e8re de sant\u00e9.<\/p>\n<p>&nbsp;<\/p>\n<p><span style=\"text-decoration: underline; color: #3366ff;\"><strong>A-\u00a0\u00a0\u00a0\u00a0 Les cellules gliales assurent protection et nutrition des neurones.<\/strong><\/span><\/p>\n<p>Bien plus nombreuses que les neurones, <strong>les cellules gliales<\/strong> participent au bon fonctionnement du cerveau en garantissant <strong>nutrition et protection des neurones.<\/strong> On distingue\u00a0:<\/p>\n<p style=\"text-align: right;\"><img loading=\"lazy\" decoding=\"async\" class=\"wp-image-2644 alignright\" src=\"http:\/\/thibault-svt.fr\/wp-content\/uploads\/2023\/08\/cellules-gliales.jpg\" alt=\"\" width=\"486\" height=\"388\" srcset=\"http:\/\/thibault-svt.fr\/wp-content\/uploads\/2023\/08\/cellules-gliales.jpg 887w, http:\/\/thibault-svt.fr\/wp-content\/uploads\/2023\/08\/cellules-gliales-300x239.jpg 300w, http:\/\/thibault-svt.fr\/wp-content\/uploads\/2023\/08\/cellules-gliales-768x612.jpg 768w\" sizes=\"auto, (max-width: 486px) 100vw, 486px\" \/><\/p>\n<ul>\n<li>Les astrocytes intervenant dans la protection, la nutrition et l\u2019activit\u00e9 des neurones<\/li>\n<li>Les oligodendrocytes responsables de la formation de la gaine de my\u00e9line autour des axones de certains neurones (\u00e9quivalent des cellules de Schwann contenues dans les nerfs)<\/li>\n<li>Les cellules de la microglie qui assurent la d\u00e9fense immunitaire du cerveau, \u00e9vitant les infections bact\u00e9riennes ou virales.<\/li>\n<\/ul>\n<p>&nbsp;<\/p>\n<p><span style=\"text-decoration: underline; color: #3366ff;\"><strong>B-\u00a0\u00a0\u00a0\u00a0 Les dysfonctionnements du syst\u00e8me nerveux<\/strong><\/span><\/p>\n<p>Un<strong> AVC<\/strong>\u00a0: ou accident vasculaire c\u00e9r\u00e9bral, est une perte d\u2019irrigation sanguine d\u2019une partie du cerveau. Les neurones ne recevant plus de sang, ils meurent.<br \/>\nSi l\u2019AVC dure, cela entraine la mort, si l\u2019AVC est pris en charge et que la circulation sanguine est r\u00e9tablie, les s\u00e9quelles d\u00e9pendront de l\u2019\u00e9tendue de la zone c\u00e9r\u00e9brale dont les neurones auront \u00e9t\u00e9 d\u00e9truits.<br \/>\nLes AVC sont en France la premi\u00e8re cause de handicap et la seconde cause de d\u00e9c\u00e8s.<\/p>\n<p>&nbsp;<\/p>\n<p>Comme pour de nombreuses pathologies, il existe des facteurs de risque li\u00e9s au mode de vie et favorisant les AVC\u00a0: tabagisme, s\u00e9dentarit\u00e9, alimentation non \u00e9quilibr\u00e9e, stress\u2026.<\/p>\n<p>&nbsp;<\/p>\n<p><strong>Les maladies neurod\u00e9g\u00e9n\u00e9ratives (Alzheimer, Parkinson, scl\u00e9rose en plaques\u2026)<\/strong> provoquent une d\u00e9t\u00e9rioration du fonctionnement des cellules nerveuses en particulier des neurones, pouvant conduire \u00e0 la mort cellulaire. Ces maladies sont souvent lentes et \u00e9volutives avec une aggravation de l\u2019\u00e9tat du patient par atteintes de ses capacit\u00e9s motrices ou cognitives (m\u00e9moire, raisonnement). Les m\u00e9canismes \u00e0 l\u2019origine de ces maladies font l\u2019objet de nombreuses recherches afin de pouvoir envisager des traitements.<\/p>\n<p><img loading=\"lazy\" decoding=\"async\" class=\"aligncenter size-full wp-image-2645\" src=\"http:\/\/thibault-svt.fr\/wp-content\/uploads\/2023\/08\/sep.jpg\" alt=\"\" width=\"1318\" height=\"762\" srcset=\"http:\/\/thibault-svt.fr\/wp-content\/uploads\/2023\/08\/sep.jpg 1318w, http:\/\/thibault-svt.fr\/wp-content\/uploads\/2023\/08\/sep-300x173.jpg 300w, http:\/\/thibault-svt.fr\/wp-content\/uploads\/2023\/08\/sep-1024x592.jpg 1024w, http:\/\/thibault-svt.fr\/wp-content\/uploads\/2023\/08\/sep-768x444.jpg 768w, http:\/\/thibault-svt.fr\/wp-content\/uploads\/2023\/08\/sep-900x520.jpg 900w, http:\/\/thibault-svt.fr\/wp-content\/uploads\/2023\/08\/sep-1280x740.jpg 1280w\" sizes=\"auto, (max-width: 1318px) 100vw, 1318px\" \/><\/p>\n<p><span style=\"text-decoration: underline; color: #3366ff;\"><strong>C-\u00a0\u00a0\u00a0\u00a0 L\u2019action de substances exog\u00e8nes sur le cerveau<\/strong><\/span><\/p>\n<p class=\"titre-TP\"><span style=\"color: #333333;\"><a style=\"color: #333333;\" href=\"http:\/\/thibault-svt.fr\/wp-content\/uploads\/2023\/08\/TP6-mode-daction-des-substances-exogenes-sur-la-synapse-neuromusculaire-ELEVE-.pdf\" target=\"_blank\" rel=\"noopener\">TP 6<\/a> + <a style=\"color: #333333;\" href=\"http:\/\/thibault-svt.fr\/index.php\/terminales\/specialite-2\/chapitre-2-controle-cerebral-du-mouvement-volontaire\/tp-theme-1-ch-2-controle-cerebral-du-mouvement-volontaire\/correction-ts-th1ch2-tp6\/\" target=\"_blank\" rel=\"noopener\">Correction<\/a><\/span><br \/>\n<span style=\"color: #333333;\"><a style=\"color: #333333;\" href=\"http:\/\/thibault-svt.fr\/wp-content\/uploads\/2023\/08\/TP7-les-effets-de-substances-exogenes-sur-le-systeme-nerveux-ELEVE.pdf\" target=\"_blank\" rel=\"noopener\">TP7<\/a> + <a style=\"color: #333333;\" href=\"http:\/\/thibault-svt.fr\/index.php\/terminales\/specialite-2\/chapitre-2-controle-cerebral-du-mouvement-volontaire\/tp-theme-1-ch-2-controle-cerebral-du-mouvement-volontaire\/correction-ts-th1ch2-tp7\/\" target=\"_blank\" rel=\"noopener\">Correction<\/a><\/span><\/p>\n<p>\u00a0\u00a0\u00a0\u00a0 La prise de mol\u00e9cules exog\u00e8nes comme l\u2019alcool, la nicotine, le THC ou des m\u00e9dicaments psychoactifs <strong>perturbent le fonctionnement<\/strong> de certaines aires corticales, notamment celles <strong>du<span style=\"color: #333399;\"><a style=\"color: #333399;\" href=\"https:\/\/www.sciencesetavenir.fr\/sante\/cerveau-et-psy\/cerveau-decouverte-d-un-nouvel-acteur-dans-l-addiction_19543\" target=\"_blank\" rel=\"noopener\"> circuit de r\u00e9compense.<\/a><\/span><br \/>\nLe circuit de la r\u00e9compense est un ensemble de r\u00e9gions c\u00e9r\u00e9brales communiquant entre elles <\/strong>et g\u00e9n\u00e9rant les sensations de plaisir. Ce syst\u00e8me fonctionne notamment par des neurotransmetteurs tels que la dopamine et est r\u00e9gul\u00e9 par un syst\u00e8me inhibiteur lib\u00e9rant du GABA.<\/p>\n<p>Les<strong> mol\u00e9cules exog\u00e8nes psychoactives bloquent l\u2019inhibition du syst\u00e8me de r\u00e9compense, ce qui lib\u00e8re davantage de dopamine g\u00e9n\u00e9rant une sensation de plaisir.<\/strong><br \/>\nL\u2019individu \u00e9prouve alors l\u2019envie r\u00e9p\u00e9t\u00e9e et irr\u00e9pressible de renouveler le comportement provoquant ce plaisir (ici la consommation de substances). L\u2019addiction m\u00e8ne \u00e0 une d\u00e9pendance physique et psychique.<\/p>\n<p><img loading=\"lazy\" decoding=\"async\" class=\"aligncenter size-full wp-image-2647\" src=\"http:\/\/thibault-svt.fr\/wp-content\/uploads\/2023\/08\/thc.jpg\" alt=\"\" width=\"1298\" height=\"468\" srcset=\"http:\/\/thibault-svt.fr\/wp-content\/uploads\/2023\/08\/thc.jpg 1298w, http:\/\/thibault-svt.fr\/wp-content\/uploads\/2023\/08\/thc-300x108.jpg 300w, http:\/\/thibault-svt.fr\/wp-content\/uploads\/2023\/08\/thc-1024x369.jpg 1024w, http:\/\/thibault-svt.fr\/wp-content\/uploads\/2023\/08\/thc-768x277.jpg 768w, http:\/\/thibault-svt.fr\/wp-content\/uploads\/2023\/08\/thc-900x324.jpg 900w, http:\/\/thibault-svt.fr\/wp-content\/uploads\/2023\/08\/thc-1280x462.jpg 1280w\" sizes=\"auto, (max-width: 1298px) 100vw, 1298px\" \/><\/p>\n<p>De plus, l\u2019exc\u00e8s de dopamine lib\u00e9r\u00e9 <strong>modifie la structure de la synapse, notamment le nombre de r\u00e9cepteur post-synaptique et diminue donc la transmission du message nerveux.<\/strong> Cela am\u00e8ne \u00e0 un ph\u00e9nom\u00e8ne d\u2019accoutumance\u00a0: Une m\u00eame quantit\u00e9 de substance provoque moins d\u2019effet, ce qui aboutit g\u00e9n\u00e9ralement \u00e0 augmenter les doses pour en retrouver le m\u00eame effet et peut aboutir \u00e0 la mort par overdose.<\/p>\n<p>&nbsp;<\/p>\n<p style=\"text-align: center;\"><span style=\"color: #bf1177;\"><strong><u> Conclusion\u00a0: <\/u><\/strong><\/span><\/p>\n<p><strong>Le cerveau est un organe fondamental\u00a0: le pr\u00e9server est donc essentiel. Une hygi\u00e8ne de vie saine et une activit\u00e9 sportive r\u00e9guli\u00e8re contribue \u00e0 son bon entretien. La consommation de substances exog\u00e8nes psychoactives peut s\u2019av\u00e9rer profond\u00e9ment d\u00e9vastatrice\u00a0: la lutte contre les comportements addictifs est donc un enjeu important de sant\u00e9 publique.<\/strong><\/p>\n<p>&nbsp;<\/p>\n<p>Et comme toujours : Merci \u00e0 @Bio_logique<br \/>\n<iframe loading=\"lazy\" title=\"COURS DE TERMINALE SP\u00c9CIALIT\u00c9 SVT CHAP.15: CERVEAU, MOUVEMENT VOLONTAIRE ET ACTION DE SUBSTANCES\" src=\"https:\/\/www.youtube.com\/embed\/gX-0RKTvFdc\" width=\"907\" height=\"510\" frameborder=\"0\" allowfullscreen=\"allowfullscreen\"><\/iframe><\/p>\n","protected":false},"excerpt":{"rendered":"<p>Le cerveau est un organe du syst\u00e8me nerveux central contenu dans la bo\u00eete cr\u00e2nienne. Il est compos\u00e9 de diff\u00e9rents types cellulaires : les neurones et de cellules gliales. Il assure diff\u00e9rentes fonctions telles que le traitement de message nerveux provenant des organes des sens ou la gestion de la motricit\u00e9 volontaire. En effet, contrairement aux [&hellip;]<\/p>\n","protected":false},"author":1,"featured_media":0,"parent":98,"menu_order":1,"comment_status":"closed","ping_status":"closed","template":"full-width-page-template.php","meta":{"footnotes":""},"class_list":["post-1150","page","type-page","status-publish","hentry"],"yoast_head":"<!-- This site is optimized with the Yoast SEO plugin v24.4 - https:\/\/yoast.com\/wordpress\/plugins\/seo\/ -->\n<title>CHAPITRE 2 - Contr\u00f4le c\u00e9r\u00e9bral du mouvement volontaire - SVT<\/title>\n<meta name=\"description\" content=\"Cours et TP de SVT - Terminale S : mouvement volontaire, IRM, cortex c\u00e9r\u00e9bral, aires motrices, motoneurone.\" \/>\n<meta name=\"robots\" content=\"index, follow, max-snippet:-1, max-image-preview:large, max-video-preview:-1\" \/>\n<link rel=\"canonical\" href=\"http:\/\/thibault-svt.fr\/index.php\/terminales\/specialite-2\/chapitre-2-controle-cerebral-du-mouvement-volontaire\/\" \/>\n<meta property=\"og:locale\" content=\"fr_FR\" \/>\n<meta property=\"og:type\" content=\"article\" \/>\n<meta property=\"og:title\" content=\"CHAPITRE 2 - Contr\u00f4le c\u00e9r\u00e9bral du mouvement volontaire - SVT\" \/>\n<meta property=\"og:description\" content=\"Cours et TP de SVT - Terminale S : mouvement volontaire, IRM, cortex c\u00e9r\u00e9bral, aires motrices, motoneurone.\" \/>\n<meta property=\"og:url\" content=\"http:\/\/thibault-svt.fr\/index.php\/terminales\/specialite-2\/chapitre-2-controle-cerebral-du-mouvement-volontaire\/\" \/>\n<meta property=\"og:site_name\" content=\"SVT\" \/>\n<meta property=\"article:modified_time\" content=\"2023-09-22T16:05:35+00:00\" \/>\n<meta property=\"og:image\" content=\"http:\/\/thibault-svt.fr\/wp-content\/uploads\/2023\/08\/aires-motrices.png\" \/>\n<meta name=\"twitter:card\" content=\"summary_large_image\" \/>\n<meta name=\"twitter:label1\" content=\"Dur\u00e9e de lecture estim\u00e9e\" \/>\n\t<meta name=\"twitter:data1\" content=\"10 minutes\" \/>\n<script type=\"application\/ld+json\" class=\"yoast-schema-graph\">{\"@context\":\"https:\/\/schema.org\",\"@graph\":[{\"@type\":\"WebPage\",\"@id\":\"http:\/\/thibault-svt.fr\/index.php\/terminales\/specialite-2\/chapitre-2-controle-cerebral-du-mouvement-volontaire\/\",\"url\":\"http:\/\/thibault-svt.fr\/index.php\/terminales\/specialite-2\/chapitre-2-controle-cerebral-du-mouvement-volontaire\/\",\"name\":\"CHAPITRE 2 - Contr\u00f4le c\u00e9r\u00e9bral du mouvement volontaire - SVT\",\"isPartOf\":{\"@id\":\"http:\/\/thibault-svt.fr\/#website\"},\"primaryImageOfPage\":{\"@id\":\"http:\/\/thibault-svt.fr\/index.php\/terminales\/specialite-2\/chapitre-2-controle-cerebral-du-mouvement-volontaire\/#primaryimage\"},\"image\":{\"@id\":\"http:\/\/thibault-svt.fr\/index.php\/terminales\/specialite-2\/chapitre-2-controle-cerebral-du-mouvement-volontaire\/#primaryimage\"},\"thumbnailUrl\":\"http:\/\/thibault-svt.fr\/wp-content\/uploads\/2023\/08\/aires-motrices.png\",\"datePublished\":\"2019-05-21T16:59:12+00:00\",\"dateModified\":\"2023-09-22T16:05:35+00:00\",\"description\":\"Cours et TP de SVT - Terminale S : mouvement volontaire, IRM, cortex c\u00e9r\u00e9bral, aires motrices, motoneurone.\",\"breadcrumb\":{\"@id\":\"http:\/\/thibault-svt.fr\/index.php\/terminales\/specialite-2\/chapitre-2-controle-cerebral-du-mouvement-volontaire\/#breadcrumb\"},\"inLanguage\":\"fr-FR\",\"potentialAction\":[{\"@type\":\"ReadAction\",\"target\":[\"http:\/\/thibault-svt.fr\/index.php\/terminales\/specialite-2\/chapitre-2-controle-cerebral-du-mouvement-volontaire\/\"]}]},{\"@type\":\"ImageObject\",\"inLanguage\":\"fr-FR\",\"@id\":\"http:\/\/thibault-svt.fr\/index.php\/terminales\/specialite-2\/chapitre-2-controle-cerebral-du-mouvement-volontaire\/#primaryimage\",\"url\":\"http:\/\/thibault-svt.fr\/wp-content\/uploads\/2023\/08\/aires-motrices.png\",\"contentUrl\":\"http:\/\/thibault-svt.fr\/wp-content\/uploads\/2023\/08\/aires-motrices.png\",\"width\":1137,\"height\":565},{\"@type\":\"BreadcrumbList\",\"@id\":\"http:\/\/thibault-svt.fr\/index.php\/terminales\/specialite-2\/chapitre-2-controle-cerebral-du-mouvement-volontaire\/#breadcrumb\",\"itemListElement\":[{\"@type\":\"ListItem\",\"position\":1,\"name\":\"Accueil\",\"item\":\"http:\/\/thibault-svt.fr\/\"},{\"@type\":\"ListItem\",\"position\":2,\"name\":\"Terminales\",\"item\":\"http:\/\/thibault-svt.fr\/index.php\/terminales\/\"},{\"@type\":\"ListItem\",\"position\":3,\"name\":\"Sp\u00e9cialit\u00e9 TG\",\"item\":\"http:\/\/thibault-svt.fr\/index.php\/terminales\/specialite-2\/\"},{\"@type\":\"ListItem\",\"position\":4,\"name\":\"CHAPITRE 2 &#8211; Contr\u00f4le c\u00e9r\u00e9bral du mouvement volontaire\"}]},{\"@type\":\"WebSite\",\"@id\":\"http:\/\/thibault-svt.fr\/#website\",\"url\":\"http:\/\/thibault-svt.fr\/\",\"name\":\"SVT\",\"description\":\"Cours de SVT de Mme Thibault - Professeure au Lyc\u00e9e Maurice Genevoix\",\"potentialAction\":[{\"@type\":\"SearchAction\",\"target\":{\"@type\":\"EntryPoint\",\"urlTemplate\":\"http:\/\/thibault-svt.fr\/?s={search_term_string}\"},\"query-input\":{\"@type\":\"PropertyValueSpecification\",\"valueRequired\":true,\"valueName\":\"search_term_string\"}}],\"inLanguage\":\"fr-FR\"}]}<\/script>\n<!-- \/ Yoast SEO plugin. -->","yoast_head_json":{"title":"CHAPITRE 2 - Contr\u00f4le c\u00e9r\u00e9bral du mouvement volontaire - SVT","description":"Cours et TP de SVT - Terminale S : mouvement volontaire, IRM, cortex c\u00e9r\u00e9bral, aires motrices, motoneurone.","robots":{"index":"index","follow":"follow","max-snippet":"max-snippet:-1","max-image-preview":"max-image-preview:large","max-video-preview":"max-video-preview:-1"},"canonical":"http:\/\/thibault-svt.fr\/index.php\/terminales\/specialite-2\/chapitre-2-controle-cerebral-du-mouvement-volontaire\/","og_locale":"fr_FR","og_type":"article","og_title":"CHAPITRE 2 - Contr\u00f4le c\u00e9r\u00e9bral du mouvement volontaire - SVT","og_description":"Cours et TP de SVT - Terminale S : mouvement volontaire, IRM, cortex c\u00e9r\u00e9bral, aires motrices, motoneurone.","og_url":"http:\/\/thibault-svt.fr\/index.php\/terminales\/specialite-2\/chapitre-2-controle-cerebral-du-mouvement-volontaire\/","og_site_name":"SVT","article_modified_time":"2023-09-22T16:05:35+00:00","og_image":[{"url":"http:\/\/thibault-svt.fr\/wp-content\/uploads\/2023\/08\/aires-motrices.png","type":"","width":"","height":""}],"twitter_card":"summary_large_image","twitter_misc":{"Dur\u00e9e de lecture estim\u00e9e":"10 minutes"},"schema":{"@context":"https:\/\/schema.org","@graph":[{"@type":"WebPage","@id":"http:\/\/thibault-svt.fr\/index.php\/terminales\/specialite-2\/chapitre-2-controle-cerebral-du-mouvement-volontaire\/","url":"http:\/\/thibault-svt.fr\/index.php\/terminales\/specialite-2\/chapitre-2-controle-cerebral-du-mouvement-volontaire\/","name":"CHAPITRE 2 - Contr\u00f4le c\u00e9r\u00e9bral du mouvement volontaire - SVT","isPartOf":{"@id":"http:\/\/thibault-svt.fr\/#website"},"primaryImageOfPage":{"@id":"http:\/\/thibault-svt.fr\/index.php\/terminales\/specialite-2\/chapitre-2-controle-cerebral-du-mouvement-volontaire\/#primaryimage"},"image":{"@id":"http:\/\/thibault-svt.fr\/index.php\/terminales\/specialite-2\/chapitre-2-controle-cerebral-du-mouvement-volontaire\/#primaryimage"},"thumbnailUrl":"http:\/\/thibault-svt.fr\/wp-content\/uploads\/2023\/08\/aires-motrices.png","datePublished":"2019-05-21T16:59:12+00:00","dateModified":"2023-09-22T16:05:35+00:00","description":"Cours et TP de SVT - Terminale S : mouvement volontaire, IRM, cortex c\u00e9r\u00e9bral, aires motrices, motoneurone.","breadcrumb":{"@id":"http:\/\/thibault-svt.fr\/index.php\/terminales\/specialite-2\/chapitre-2-controle-cerebral-du-mouvement-volontaire\/#breadcrumb"},"inLanguage":"fr-FR","potentialAction":[{"@type":"ReadAction","target":["http:\/\/thibault-svt.fr\/index.php\/terminales\/specialite-2\/chapitre-2-controle-cerebral-du-mouvement-volontaire\/"]}]},{"@type":"ImageObject","inLanguage":"fr-FR","@id":"http:\/\/thibault-svt.fr\/index.php\/terminales\/specialite-2\/chapitre-2-controle-cerebral-du-mouvement-volontaire\/#primaryimage","url":"http:\/\/thibault-svt.fr\/wp-content\/uploads\/2023\/08\/aires-motrices.png","contentUrl":"http:\/\/thibault-svt.fr\/wp-content\/uploads\/2023\/08\/aires-motrices.png","width":1137,"height":565},{"@type":"BreadcrumbList","@id":"http:\/\/thibault-svt.fr\/index.php\/terminales\/specialite-2\/chapitre-2-controle-cerebral-du-mouvement-volontaire\/#breadcrumb","itemListElement":[{"@type":"ListItem","position":1,"name":"Accueil","item":"http:\/\/thibault-svt.fr\/"},{"@type":"ListItem","position":2,"name":"Terminales","item":"http:\/\/thibault-svt.fr\/index.php\/terminales\/"},{"@type":"ListItem","position":3,"name":"Sp\u00e9cialit\u00e9 TG","item":"http:\/\/thibault-svt.fr\/index.php\/terminales\/specialite-2\/"},{"@type":"ListItem","position":4,"name":"CHAPITRE 2 &#8211; Contr\u00f4le c\u00e9r\u00e9bral du mouvement volontaire"}]},{"@type":"WebSite","@id":"http:\/\/thibault-svt.fr\/#website","url":"http:\/\/thibault-svt.fr\/","name":"SVT","description":"Cours de SVT de Mme Thibault - Professeure au Lyc\u00e9e Maurice Genevoix","potentialAction":[{"@type":"SearchAction","target":{"@type":"EntryPoint","urlTemplate":"http:\/\/thibault-svt.fr\/?s={search_term_string}"},"query-input":{"@type":"PropertyValueSpecification","valueRequired":true,"valueName":"search_term_string"}}],"inLanguage":"fr-FR"}]}},"_links":{"self":[{"href":"http:\/\/thibault-svt.fr\/index.php\/wp-json\/wp\/v2\/pages\/1150","targetHints":{"allow":["GET"]}}],"collection":[{"href":"http:\/\/thibault-svt.fr\/index.php\/wp-json\/wp\/v2\/pages"}],"about":[{"href":"http:\/\/thibault-svt.fr\/index.php\/wp-json\/wp\/v2\/types\/page"}],"author":[{"embeddable":true,"href":"http:\/\/thibault-svt.fr\/index.php\/wp-json\/wp\/v2\/users\/1"}],"replies":[{"embeddable":true,"href":"http:\/\/thibault-svt.fr\/index.php\/wp-json\/wp\/v2\/comments?post=1150"}],"version-history":[{"count":29,"href":"http:\/\/thibault-svt.fr\/index.php\/wp-json\/wp\/v2\/pages\/1150\/revisions"}],"predecessor-version":[{"id":2747,"href":"http:\/\/thibault-svt.fr\/index.php\/wp-json\/wp\/v2\/pages\/1150\/revisions\/2747"}],"up":[{"embeddable":true,"href":"http:\/\/thibault-svt.fr\/index.php\/wp-json\/wp\/v2\/pages\/98"}],"wp:attachment":[{"href":"http:\/\/thibault-svt.fr\/index.php\/wp-json\/wp\/v2\/media?parent=1150"}],"curies":[{"name":"wp","href":"https:\/\/api.w.org\/{rel}","templated":true}]}}